{"id":584,"date":"2020-11-09T10:11:30","date_gmt":"2020-11-09T10:11:30","guid":{"rendered":"http:\/\/remico-comprest.ro\/?page_id=584"},"modified":"2020-11-19T16:18:39","modified_gmt":"2020-11-19T16:18:39","slug":"politica-de-protectie-a-datelor-personale","status":"publish","type":"page","link":"https:\/\/remico-comprest.ro\/de\/datenschutzrichtlinie-fur-personenbezogene-daten\/","title":{"rendered":"Datenschutzrichtlinie f\u00fcr personenbezogene Daten"},"content":{"rendered":"<div data-elementor-type=\"wp-page\" data-elementor-id=\"584\" class=\"elementor elementor-584\" data-elementor-settings=\"[]\">\n\t\t\t\t\t\t<div class=\"elementor-inner\">\n\t\t\t\t\t\t\t<div class=\"elementor-section-wrap\">\n\t\t\t\t\t\t\t<section class=\"elementor-section elementor-top-section elementor-element elementor-element-40fe4f2 elementor-section-full_width elementor-section-height-default elementor-section-height-default\" data-id=\"40fe4f2\" data-element_type=\"section\" data-settings=\"{&quot;background_background&quot;:&quot;classic&quot;}\">\n\t\t\t\t\t\t<div class=\"elementor-container elementor-column-gap-no\">\n\t\t\t\t\t\t\t<div class=\"elementor-row\">\n\t\t\t\t\t<div class=\"elementor-column elementor-col-50 elementor-top-column elementor-element elementor-element-a63965c\" data-id=\"a63965c\" data-element_type=\"column\">\n\t\t\t<div class=\"elementor-column-wrap elementor-element-populated\">\n\t\t\t\t\t\t\t<div class=\"elementor-widget-wrap\">\n\t\t\t\t\t\t<div class=\"elementor-element elementor-element-f2a4ded elementor-widget elementor-widget-heading\" data-id=\"f2a4ded\" data-element_type=\"widget\" data-widget_type=\"heading.default\">\n\t\t\t\t<div class=\"elementor-widget-container\">\n\t\t\t<h2 class=\"elementor-heading-title elementor-size-default\">Datenschutzrichtlinie f\u00fcr personenbezogene Daten<\/h2>\t\t<\/div>\n\t\t\t\t<\/div>\n\t\t\t\t<div class=\"elementor-element elementor-element-2c98719 elementor-widget elementor-widget-heading\" data-id=\"2c98719\" data-element_type=\"widget\" data-widget_type=\"heading.default\">\n\t\t\t\t<div class=\"elementor-widget-container\">\n\t\t\t<h5 class=\"elementor-heading-title elementor-size-default\">REMICO COMPREST <\/h5>\t\t<\/div>\n\t\t\t\t<\/div>\n\t\t\t\t\t\t<\/div>\n\t\t\t\t\t<\/div>\n\t\t<\/div>\n\t\t\t\t<div class=\"elementor-column elementor-col-50 elementor-top-column elementor-element elementor-element-4698054\" data-id=\"4698054\" data-element_type=\"column\" data-settings=\"{&quot;background_background&quot;:&quot;classic&quot;}\">\n\t\t\t<div class=\"elementor-column-wrap elementor-element-populated\">\n\t\t\t\t\t<div class=\"elementor-background-overlay\"><\/div>\n\t\t\t\t\t\t\t<div class=\"elementor-widget-wrap\">\n\t\t\t\t\t\t<div class=\"elementor-element elementor-element-33ae356 elementor-widget elementor-widget-spacer\" data-id=\"33ae356\" data-element_type=\"widget\" data-widget_type=\"spacer.default\">\n\t\t\t\t<div class=\"elementor-widget-container\">\n\t\t\t\t\t<div class=\"elementor-spacer\">\n\t\t\t<div class=\"elementor-spacer-inner\"><\/div>\n\t\t<\/div>\n\t\t\t\t<\/div>\n\t\t\t\t<\/div>\n\t\t\t\t\t\t<\/div>\n\t\t\t\t\t<\/div>\n\t\t<\/div>\n\t\t\t\t\t\t\t\t<\/div>\n\t\t\t\t\t<\/div>\n\t\t<\/section>\n\t\t\t\t<section class=\"elementor-section elementor-top-section elementor-element elementor-element-76c8f75 elementor-section-boxed elementor-section-height-default elementor-section-height-default\" data-id=\"76c8f75\" data-element_type=\"section\">\n\t\t\t\t\t\t<div class=\"elementor-container elementor-column-gap-default\">\n\t\t\t\t\t\t\t<div class=\"elementor-row\">\n\t\t\t\t\t<div class=\"elementor-column elementor-col-100 elementor-top-column elementor-element elementor-element-7aacddc\" data-id=\"7aacddc\" data-element_type=\"column\">\n\t\t\t<div class=\"elementor-column-wrap elementor-element-populated\">\n\t\t\t\t\t\t\t<div class=\"elementor-widget-wrap\">\n\t\t\t\t\t\t<div class=\"elementor-element elementor-element-dc61dac elementor-widget elementor-widget-heading\" data-id=\"dc61dac\" data-element_type=\"widget\" data-widget_type=\"heading.default\">\n\t\t\t\t<div class=\"elementor-widget-container\">\n\t\t\t<h6 class=\"elementor-heading-title elementor-size-default\">Letzte Aktualisierung: November 2020<\/h6>\t\t<\/div>\n\t\t\t\t<\/div>\n\t\t\t\t<div class=\"elementor-element elementor-element-65656b6 elementor-widget elementor-widget-heading\" data-id=\"65656b6\" data-element_type=\"widget\" data-widget_type=\"heading.default\">\n\t\t\t\t<div class=\"elementor-widget-container\">\n\t\t\t<h3 class=\"elementor-heading-title elementor-size-default\">I. Allgemeine Informationen<\/h3>\t\t<\/div>\n\t\t\t\t<\/div>\n\t\t\t\t<div class=\"elementor-element elementor-element-6704c8f elementor-widget elementor-widget-text-editor\" data-id=\"6704c8f\" data-element_type=\"widget\" data-widget_type=\"text-editor.default\">\n\t\t\t\t<div class=\"elementor-widget-container\">\n\t\t\t\t\t<div class=\"elementor-text-editor elementor-clearfix\"><p>Die Vertraulichkeit Ihrer pers\u00f6nlichen Daten ist eines der Hauptanliegen von Remico Comprest SRL mit Sitz in Aleea Industriilor Nr. 5, Galati, Landkreis Gala\u021bi, als Datenbetreiber.<br \/>Dieses Dokument hat die Aufgabe, Sie \u00fcber die Verarbeitung Ihrer pers\u00f6nlichen Daten im Rahmen der Nutzung der Website https:\/\/www.remico-comprest.ro\/ zu informieren. ( \"Seite\").<\/p><\/div>\n\t\t\t\t<\/div>\n\t\t\t\t<\/div>\n\t\t\t\t<div class=\"elementor-element elementor-element-b0d88cc elementor-widget elementor-widget-heading\" data-id=\"b0d88cc\" data-element_type=\"widget\" data-widget_type=\"heading.default\">\n\t\t\t\t<div class=\"elementor-widget-container\">\n\t\t\t<h3 class=\"elementor-heading-title elementor-size-default\">II. Kategorien personenbezogener Daten verarbeitet<\/h3>\t\t<\/div>\n\t\t\t\t<\/div>\n\t\t\t\t<div class=\"elementor-element elementor-element-43bce85 elementor-widget elementor-widget-text-editor\" data-id=\"43bce85\" data-element_type=\"widget\" data-widget_type=\"text-editor.default\">\n\t\t\t\t<div class=\"elementor-widget-container\">\n\t\t\t\t\t<div class=\"elementor-text-editor elementor-clearfix\"><p><strong>II.1.<\/strong>\u00a0Wenn Sie Besucher der Website sind, verarbeitet Remico Comprest SRL Ihre pers\u00f6nlichen Daten, die Sie direkt im Zusammenhang mit der Nutzung der Website angeben, wie z. B. die Daten, die Sie im Abschnitt Kontakt \/ Fragen \/ Beschwerden angeben. soweit Sie uns auf diese Weise kontaktieren.<\/p><\/div>\n\t\t\t\t<\/div>\n\t\t\t\t<\/div>\n\t\t\t\t<div class=\"elementor-element elementor-element-051efa1 elementor-widget elementor-widget-heading\" data-id=\"051efa1\" data-element_type=\"widget\" data-widget_type=\"heading.default\">\n\t\t\t\t<div class=\"elementor-widget-container\">\n\t\t\t<h3 class=\"elementor-heading-title elementor-size-default\">III. Zwecke und Gr\u00fcnde f\u00fcr die Verarbeitung<\/h3>\t\t<\/div>\n\t\t\t\t<\/div>\n\t\t\t\t<div class=\"elementor-element elementor-element-f5bc7b1 elementor-widget elementor-widget-text-editor\" data-id=\"f5bc7b1\" data-element_type=\"widget\" data-widget_type=\"text-editor.default\">\n\t\t\t\t<div class=\"elementor-widget-container\">\n\t\t\t\t\t<div class=\"elementor-text-editor elementor-clearfix\"><p><strong>III.1.<\/strong>\u00a0Wenn Sie Besucher der Website sind, verarbeitet Remico Comprest SRL Ihre pers\u00f6nlichen Daten wie folgt:<\/p><ul><li>f\u00fcr Marketingaktivit\u00e4ten bzw. f\u00fcr die \u00dcbertragung von kommerzieller Kommunikation \u00fcber die von Remico Comprest SRL angebotenen Produkte und Dienstleistungen \u00fcber die Website mittels Fernkommunikation (E-Mail, SMS).<\/li><\/ul><p><em>Begr\u00fcndung: Die Verarbeitung Ihrer Daten zu diesem Zweck basiert auf Ihrer Zustimmung, sofern Sie diese zur Verf\u00fcgung stellen.<\/em><\/p><p>Sie k\u00f6nnen Ihre Zustimmung zur Verarbeitung von Daten zu diesem Zweck zum Ausdruck bringen, indem Sie das entsprechende Kontrollk\u00e4stchen auf dem auf der Website verf\u00fcgbaren Formular ausf\u00fcllen und aktivieren. Um sich vom Empfang solcher kommerziellen Mitteilungen abzumelden, k\u00f6nnen Sie die Option am Ende jeder E-Mail \/ SMS mit kommerziellen Mitteilungen verwenden.<\/p><p>Die Angabe Ihrer Daten zu diesem Zweck ist freiwillig. Die Verweigerung der Einwilligung zur Verarbeitung Ihrer Daten zu diesem Zweck hat keine negativen Folgen f\u00fcr Sie.<\/p><ul><li>um Beschwerden und Beschwerden zu l\u00f6sen, den Datenverkehr zu \u00fcberwachen und Ihre Erfahrung auf der Website zu verbessern.<\/li><\/ul><p><em>Begr\u00fcndung: Die Verarbeitung Ihrer Daten zu diesem Zweck basiert auf dem berechtigten Interesse von Remico Comprest SRL, das ordnungsgem\u00e4\u00dfe Funktionieren der Website sicherzustellen und die Erfahrung der Besucher der Website dauerhaft zu verbessern, einschlie\u00dflich der L\u00f6sung verschiedener Kommentare, Fragen oder Beschwerden.<\/em><\/p><p>Die Angabe Ihrer Daten zu diesem Zweck ist freiwillig. Die Weigerung, Daten f\u00fcr diesen Zweck bereitzustellen, hat keine negativen Folgen f\u00fcr Sie.<\/p><\/div>\n\t\t\t\t<\/div>\n\t\t\t\t<\/div>\n\t\t\t\t<div class=\"elementor-element elementor-element-a59f8e4 elementor-widget elementor-widget-heading\" data-id=\"a59f8e4\" data-element_type=\"widget\" data-widget_type=\"heading.default\">\n\t\t\t\t<div class=\"elementor-widget-container\">\n\t\t\t<h3 class=\"elementor-heading-title elementor-size-default\">IV. Wie lange wir Ihre Daten verarbeiten<\/h3>\t\t<\/div>\n\t\t\t\t<\/div>\n\t\t\t\t<div class=\"elementor-element elementor-element-dd24b96 elementor-widget elementor-widget-text-editor\" data-id=\"dd24b96\" data-element_type=\"widget\" data-widget_type=\"text-editor.default\">\n\t\t\t\t<div class=\"elementor-widget-container\">\n\t\t\t\t\t<div class=\"elementor-text-editor elementor-clearfix\"><p>Grunds\u00e4tzlich verarbeitet Remico Comprest SRL Ihre personenbezogenen Daten so lange, bis die oben genannten Verarbeitungszwecke erreicht sind.<\/p><p>Wenn Sie Ihre Einwilligung zur Verarbeitung von Daten f\u00fcr Marketingzwecke widerrufen, wird Remico Comprest SRL die Verarbeitung Ihrer personenbezogenen Daten zu diesem Zweck einstellen, ohne die Verarbeitung durch Remico Comprest SRL aufgrund der von Ihnen vor dem Widerruf erteilten Einwilligung zu beeintr\u00e4chtigen.<\/p><\/div>\n\t\t\t\t<\/div>\n\t\t\t\t<\/div>\n\t\t\t\t<div class=\"elementor-element elementor-element-8f9e365 elementor-widget elementor-widget-heading\" data-id=\"8f9e365\" data-element_type=\"widget\" data-widget_type=\"heading.default\">\n\t\t\t\t<div class=\"elementor-widget-container\">\n\t\t\t<h3 class=\"elementor-heading-title elementor-size-default\">V. Weitergabe personenbezogener Daten<\/h3>\t\t<\/div>\n\t\t\t\t<\/div>\n\t\t\t\t<div class=\"elementor-element elementor-element-b63f568 elementor-widget elementor-widget-text-editor\" data-id=\"b63f568\" data-element_type=\"widget\" data-widget_type=\"text-editor.default\">\n\t\t\t\t<div class=\"elementor-widget-container\">\n\t\t\t\t\t<div class=\"elementor-text-editor elementor-clearfix\"><p>Zum Zwecke der Verarbeitung kann Remico Comprest SRL Ihre Daten an Partner, Dritte oder Unternehmen weitergeben, die Remico Comprest SRL bei der Durchf\u00fchrung der Aktivit\u00e4ten \u00fcber die Website unterst\u00fctzen (z. B. Kurierunternehmen, IT-Dienstleister) oder an die Beh\u00f6rden zentrale \/ lokale Beh\u00f6rden, in den folgenden beispielhaften F\u00e4llen aufgef\u00fchrt:<\/p><ul><li>f\u00fcr die Verwaltung der Website;<\/li><li>in Situationen, in denen diese Mitteilung f\u00fcr die Vergabe von Preisen oder anderen Einrichtungen an die betroffenen Personen erforderlich w\u00e4re, die aufgrund ihrer Teilnahme an verschiedenen Werbekampagnen von Remico Comprest SRL \u00fcber die Website erhalten wurden;<\/li><li>die Website und die durch sie bereitgestellten Dienste zu pflegen, zu personalisieren und zu verbessern;<\/li><li>zur Durchf\u00fchrung von Datenanalysen, Tests und Recherchen, zur \u00dcberwachung von Nutzungs- und Aktivit\u00e4tstrends, zur Entwicklung von Sicherheitsfunktionen und zur Benutzerauthentifizierung;<\/li><li>f\u00fcr die \u00dcbermittlung kommerzieller Marketingmitteilungen unter den gesetzlich festgelegten Bedingungen und Grenzen;<\/li><li>wenn die Offenlegung personenbezogener Daten gesetzlich vorgeschrieben ist usw.<\/li><\/ul><\/div>\n\t\t\t\t<\/div>\n\t\t\t\t<\/div>\n\t\t\t\t<div class=\"elementor-element elementor-element-062cf9a elementor-widget elementor-widget-heading\" data-id=\"062cf9a\" data-element_type=\"widget\" data-widget_type=\"heading.default\">\n\t\t\t\t<div class=\"elementor-widget-container\">\n\t\t\t<h3 class=\"elementor-heading-title elementor-size-default\">VI. \u00dcbermittlung personenbezogener Daten<\/h3>\t\t<\/div>\n\t\t\t\t<\/div>\n\t\t\t\t<div class=\"elementor-element elementor-element-0b9b6c0 elementor-widget elementor-widget-text-editor\" data-id=\"0b9b6c0\" data-element_type=\"widget\" data-widget_type=\"text-editor.default\">\n\t\t\t\t<div class=\"elementor-widget-container\">\n\t\t\t\t\t<div class=\"elementor-text-editor elementor-clearfix\"><p>Die an Remico Comprest SRL \u00fcbermittelten personenbezogenen Daten k\u00f6nnen au\u00dferhalb Rum\u00e4niens, jedoch nur in L\u00e4nder der Europ\u00e4ischen Union \u00fcbertragen werden.<\/p><\/div>\n\t\t\t\t<\/div>\n\t\t\t\t<\/div>\n\t\t\t\t<div class=\"elementor-element elementor-element-4fe838f elementor-widget elementor-widget-heading\" data-id=\"4fe838f\" data-element_type=\"widget\" data-widget_type=\"heading.default\">\n\t\t\t\t<div class=\"elementor-widget-container\">\n\t\t\t<h3 class=\"elementor-heading-title elementor-size-default\">VII. Die Rechte, die Sie genie\u00dfen<\/h3>\t\t<\/div>\n\t\t\t\t<\/div>\n\t\t\t\t<div class=\"elementor-element elementor-element-c66cf86 elementor-widget elementor-widget-text-editor\" data-id=\"c66cf86\" data-element_type=\"widget\" data-widget_type=\"text-editor.default\">\n\t\t\t\t<div class=\"elementor-widget-container\">\n\t\t\t\t\t<div class=\"elementor-text-editor elementor-clearfix\"><p>Unter den Bedingungen, die in den Rechtsvorschriften zur Verarbeitung personenbezogener Daten als betroffene Personen vorgesehen sind, genie\u00dfen Sie folgende Rechte:<\/p><ul><li>das Recht auf Information bzw. das Recht, Einzelheiten zu den von Remico Comprest SRL durchgef\u00fchrten Verarbeitungsaktivit\u00e4ten zu erhalten, wie in diesem Dokument beschrieben;<\/li><li>das Recht auf Zugang zu Daten bzw. das Recht, von Remico Comprest SRL eine Best\u00e4tigung bez\u00fcglich der Verarbeitung personenbezogener Daten zu erhalten, sowie Einzelheiten zu den Verarbeitungsaktivit\u00e4ten wie der Art und Weise der Verarbeitung der Daten, dem Zweck, f\u00fcr den die Verarbeitung erfolgt, den Empf\u00e4ngern oder Kategorien von Datenempf\u00e4ngern usw.;<\/li><li>das Recht auf Berichtigung bzw. das Recht, die Korrektur ungenauer \/ ungerechtfertigter personenbezogener Daten durch Remico Comprest SRL ohne berechtigte Verz\u00f6gerungen zu erhalten, sowie die Vervollst\u00e4ndigung unvollst\u00e4ndiger Daten; Die Berichtigung \/ Vervollst\u00e4ndigung wird jedem Empf\u00e4nger mitgeteilt, an den die Daten \u00fcbermittelt wurden, es sei denn, dies erweist sich als unm\u00f6glich oder erfordert unverh\u00e4ltnism\u00e4\u00dfigen Aufwand.<\/li><li>das Recht, Daten unverz\u00fcglich zu l\u00f6schen (\"Recht, vergessen zu werden\"), wenn einer der folgenden Gr\u00fcnde zutrifft:<ul><li>Sie sind f\u00fcr die Zwecke, f\u00fcr die sie gesammelt oder verarbeitet wurden, nicht mehr erforderlich.<\/li><li>wenn die Einwilligung widerrufen wird und es keine andere Rechtsgrundlage f\u00fcr die Verarbeitung gibt;<\/li><li>wenn die betroffene Person der Verarbeitung widerspricht und keine berechtigten Gr\u00fcnde vorliegen;<\/li><li>wenn personenbezogene Daten illegal verarbeitet wurden;<\/li><li>wenn personenbezogene Daten gel\u00f6scht werden m\u00fcssen, um einer gesetzlichen Verpflichtung nachzukommen;<\/li><li>Personenbezogene Daten wurden im Zusammenhang mit der Erbringung von Diensten der Informationsgesellschaft nach Unionsrecht oder nach nationalem Recht erhoben, unter denen sich der f\u00fcr die Verarbeitung Verantwortliche befindet.<\/li><\/ul><\/li><\/ul><p>Es ist m\u00f6glich, dass Remico Comprest SRL nach der Aufforderung zur L\u00f6schung der Daten diese Daten anonymisiert (wodurch ihnen der pers\u00f6nliche Charakter entzogen wird) und unter diesen Bedingungen die Verarbeitung zu statistischen Zwecken fortsetzt.<\/p><ul><li>das Recht, die Verarbeitung in dem Umfang einzuschr\u00e4nken, in dem:<ul><li>Die Person bestreitet die Richtigkeit der Daten f\u00fcr einen Zeitraum, in dem wir die Richtigkeit der Daten \u00fcberpr\u00fcfen k\u00f6nnen.<\/li><li>Die Verarbeitung ist illegal und die betroffene Person lehnt die L\u00f6schung personenbezogener Daten ab und fordert stattdessen die Einschr\u00e4nkung ihrer Verwendung.<\/li><li>Der f\u00fcr die Verarbeitung Verantwortliche ben\u00f6tigt zum Zwecke der Verarbeitung keine personenbezogenen Daten mehr, die betroffene Person fordert sie jedoch zur Begr\u00fcndung, Aus\u00fcbung oder Verteidigung eines Rechts vor Gericht auf. oder<\/li><li>Die betroffene Person hat der Verarbeitung (au\u00dfer Direktmarketing) f\u00fcr den Zeitraum widersprochen, in dem \u00fcberpr\u00fcft wird, ob die legitimen Rechte des f\u00fcr die Verarbeitung Verantwortlichen Vorrang vor denen der betroffenen Person haben.<\/li><\/ul><\/li><li>das Recht auf Daten\u00fcbertragbarkeit, n\u00e4mlich (i) das Recht, personenbezogene Daten in einem strukturierten, allgemein verwendeten und leicht lesbaren Format zu erhalten, und (ii) das Recht, solche Daten von \u00fcbertragen zu lassen Remico Comprest SRL an einen anderen Datenbetreiber, sofern die gesetzlich festgelegten Bedingungen erf\u00fcllt sind;<\/li><li>Das Widerspruchsrecht in Bezug auf Verarbeitungsaktivit\u00e4ten kann durch Einreichung eines Antrags wie unten angegeben ausge\u00fcbt werden.<ul><li>aus Gr\u00fcnden, die sich auf die besondere Situation der betroffenen Person beziehen, jederzeit, dass die ihn betreffenden Daten im berechtigten Interesse von Remico Comprest SRL oder im \u00f6ffentlichen Interesse verarbeitet werden, es sei denn, Remico Comprest SRL kann dies nachweisen berechtigte und zwingende Gr\u00fcnde hat, die die Verarbeitung und Vorrangstellung der Interessen, Rechte und Freiheiten der betroffenen Personen rechtfertigen oder den Zweck haben, ein Recht vor Gericht zu begr\u00fcnden, auszu\u00fcben oder zu verteidigen;<\/li><li>jederzeit kostenlos und ohne Begr\u00fcndung, dass die diesbez\u00fcglichen Daten zum Zwecke des Direktmarketings verarbeitet werden.<\/li><\/ul><\/li><li>das Recht, keiner automatischen Einzelentscheidung zu unterliegen, dh das Recht, nicht Gegenstand einer Entscheidung zu sein, die ausschlie\u00dflich auf der Grundlage automatischer Verarbeitungsaktivit\u00e4ten, einschlie\u00dflich Profilerstellung, getroffen wird und rechtliche Auswirkungen auf die betroffene Person hat oder -eine bedeutende Ma\u00dfnahme;<\/li><li>das Recht, sich an die nationale Beh\u00f6rde f\u00fcr die Verarbeitung personenbezogener Daten oder an die zust\u00e4ndigen Gerichte zu wenden, soweit dies als notwendig erachtet wird.<\/li><\/ul><p>Bei weiteren Fragen zur Verarbeitung personenbezogener Daten und zur Aus\u00fcbung Ihrer oben genannten Rechte wenden Sie sich bitte an die E-Mail-Adresse: office@remico-comprest.ro. Diese Website verwendet Cookies. Weitere Informationen zur Verwendung dieser Dateien finden Sie unter folgendem Link:\u00a0<a href=\"https:\/\/remico-comprest.ro\/de\/cookie-richtlinie\/\">https:\/\/remico-comprest.ro\/politica-de-cookie-uri\/<\/a>.<\/p><\/div>\n\t\t\t\t<\/div>\n\t\t\t\t<\/div>\n\t\t\t\t<div class=\"elementor-element elementor-element-35435bc elementor-widget-divider--view-line elementor-widget elementor-widget-divider\" data-id=\"35435bc\" data-element_type=\"widget\" data-widget_type=\"divider.default\">\n\t\t\t\t<div class=\"elementor-widget-container\">\n\t\t\t\t\t<div class=\"elementor-divider\">\n\t\t\t<span class=\"elementor-divider-separator\">\n\t\t\t\t\t\t<\/span>\n\t\t<\/div>\n\t\t\t\t<\/div>\n\t\t\t\t<\/div>\n\t\t\t\t\t\t<\/div>\n\t\t\t\t\t<\/div>\n\t\t<\/div>\n\t\t\t\t\t\t\t\t<\/div>\n\t\t\t\t\t<\/div>\n\t\t<\/section>\n\t\t\t\t\t\t<\/div>\n\t\t\t\t\t\t<\/div>\n\t\t\t\t\t<\/div>","protected":false},"excerpt":{"rendered":"<p>Politica de protec\u021bie a datelor personale REMICO COMPREST Ultima actualizare: noiembrie 2020 I. Informa\u021bii generale Confiden\u021bialitatea datelor dumneavoastr\u0103 cu caracter personal reprezint\u0103 una dintre preocup\u0103rile principale ale Remico Comprest SRL, cu sediul \u00een Aleea Industriilor nr.5, Galati jud. Gala\u021bi, \u00een calitate de operator de date.Acest document are rolul de a v\u0103 informa cu privire la [&hellip;]<\/p>","protected":false},"author":1,"featured_media":0,"parent":0,"menu_order":0,"comment_status":"closed","ping_status":"closed","template":"","meta":[],"_links":{"self":[{"href":"https:\/\/remico-comprest.ro\/de\/wp-json\/wp\/v2\/pages\/584"}],"collection":[{"href":"https:\/\/remico-comprest.ro\/de\/wp-json\/wp\/v2\/pages"}],"about":[{"href":"https:\/\/remico-comprest.ro\/de\/wp-json\/wp\/v2\/types\/page"}],"author":[{"embeddable":true,"href":"https:\/\/remico-comprest.ro\/de\/wp-json\/wp\/v2\/users\/1"}],"replies":[{"embeddable":true,"href":"https:\/\/remico-comprest.ro\/de\/wp-json\/wp\/v2\/comments?post=584"}],"version-history":[{"count":0,"href":"https:\/\/remico-comprest.ro\/de\/wp-json\/wp\/v2\/pages\/584\/revisions"}],"wp:attachment":[{"href":"https:\/\/remico-comprest.ro\/de\/wp-json\/wp\/v2\/media?parent=584"}],"curies":[{"name":"wp","href":"https:\/\/api.w.org\/{rel}","templated":true}]}}